{"id":339,"date":"2015-07-02T15:03:13","date_gmt":"2015-07-02T13:03:13","guid":{"rendered":"http:\/\/laerkehoej.dk\/?page_id=339"},"modified":"2026-04-29T15:14:17","modified_gmt":"2026-04-29T13:14:17","slug":"aabningstider","status":"publish","type":"page","link":"https:\/\/www.laerkehoej.dk\/?page_id=339","title":{"rendered":"\u00c5bningstider"},"content":{"rendered":"<div class=\"wpb-content-wrapper\">[vc_row][vc_column][vc_column_text css=&#8221;&#8221;]\n<p style=\"text-align: center;\">*** OBS ***<\/p>\n<p style=\"text-align: center;\"><strong><em>Natvarmestuen holder lukket fra og med d. 05.05.26 og ca. 3 m\u00e5neder frem.<br \/>\n<\/em><em>Vi forventer at kunne \u00e5bne natvarmestuen igen d. 10.08.26.<\/em><\/strong><\/p>\n<p>Varmestuen holder \u00e5bent alle n\u00e6tter hele \u00e5ret fra kl. 22.15. L\u00f8rdag, s\u00f8ndag og p\u00e5 helligdage lukker vi kl. 7.45. Mandag til fredag lukker vi som regel f\u00f8rst kl. 11. Disse formiddage er der s\u00e6rlig mulighed for at f\u00e5 st\u00f8tte og vejledning fra medarbejderne i tilbuddet <a href=\"https:\/\/www.laerkehoej.dk\/?page_id=348\">Carpe Diem<\/a>.<\/p>\n<p>Varmestuen har plads til i alt 16 brugere. \u00d8vrige vil blive henvist til andre steder[\/vc_column_text][\/vc_column][\/vc_row]\n<\/div>","protected":false},"excerpt":{"rendered":"<p>[vc_row][vc_column][vc_column_text css=&#8221;&#8221;] *** OBS *** Natvarmestuen holder lukket fra og med d. 05.05.26 og ca. 3 m\u00e5neder frem. Vi forventer at kunne \u00e5bne natvarmestuen igen d. 10.08.26. Varmestuen holder \u00e5bent alle n\u00e6tter hele \u00e5ret fra kl. 22.15. L\u00f8rdag, s\u00f8ndag og&hellip;<\/p>\n","protected":false},"author":3,"featured_media":0,"parent":21,"menu_order":0,"comment_status":"closed","ping_status":"closed","template":"","meta":{"footnotes":""},"class_list":["post-339","page","type-page","status-publish","hentry"],"_links":{"self":[{"href":"https:\/\/www.laerkehoej.dk\/index.php?rest_route=\/wp\/v2\/pages\/339","targetHints":{"allow":["GET"]}}],"collection":[{"href":"https:\/\/www.laerkehoej.dk\/index.php?rest_route=\/wp\/v2\/pages"}],"about":[{"href":"https:\/\/www.laerkehoej.dk\/index.php?rest_route=\/wp\/v2\/types\/page"}],"author":[{"embeddable":true,"href":"https:\/\/www.laerkehoej.dk\/index.php?rest_route=\/wp\/v2\/users\/3"}],"replies":[{"embeddable":true,"href":"https:\/\/www.laerkehoej.dk\/index.php?rest_route=%2Fwp%2Fv2%2Fcomments&post=339"}],"version-history":[{"count":11,"href":"https:\/\/www.laerkehoej.dk\/index.php?rest_route=\/wp\/v2\/pages\/339\/revisions"}],"predecessor-version":[{"id":584,"href":"https:\/\/www.laerkehoej.dk\/index.php?rest_route=\/wp\/v2\/pages\/339\/revisions\/584"}],"up":[{"embeddable":true,"href":"https:\/\/www.laerkehoej.dk\/index.php?rest_route=\/wp\/v2\/pages\/21"}],"wp:attachment":[{"href":"https:\/\/www.laerkehoej.dk\/index.php?rest_route=%2Fwp%2Fv2%2Fmedia&parent=339"}],"curies":[{"name":"wp","href":"https:\/\/api.w.org\/{rel}","templated":true}]}}