{"id":341,"date":"2015-07-02T15:06:05","date_gmt":"2015-07-02T13:06:05","guid":{"rendered":"http:\/\/laerkehoej.dk\/?page_id=341"},"modified":"2024-03-21T12:22:29","modified_gmt":"2024-03-21T11:22:29","slug":"overnatningen","status":"publish","type":"page","link":"https:\/\/www.laerkehoej.dk\/?page_id=341","title":{"rendered":"Overnatningen"},"content":{"rendered":"<div class=\"wpb-content-wrapper\">[vc_row full_width=&#8221;&#8221; parallax=&#8221;&#8221; parallax_image=&#8221;&#8221; visibility=&#8221;&#8221; css_animation=&#8221;&#8221; center_row=&#8221;&#8221; typography_style=&#8221;&#8221; column_spacing=&#8221;&#8221; tablet_fullwidth_cols=&#8221;&#8221; bg_style=&#8221;&#8221; parallax_mobile=&#8221;&#8221; parallax_style=&#8221;&#8221; parallax_direction=&#8221;&#8221; video_bg=&#8221;&#8221; video_bg_overlay=&#8221;&#8221; border_style=&#8221;&#8221;][vc_column width=&#8221;1\/1&#8243; style=&#8221;&#8221; visibility=&#8221;&#8221; css_animation=&#8221;&#8221; typo_style=&#8221;&#8221; drop_shadow=&#8221;&#8221; bg_style=&#8221;&#8221; border_style=&#8221;&#8221;][vc_column_text]Du kan blive spurgt om navn,\u00a0cpr. nr.\u00a0og nationalitet. Oplysningerne er dog kun til internt brug og omfattet af den almindelige tavshedspligt.<\/p>\n<p>Derefter f\u00e5r du anvist en\u00a0soveplads og kan g\u00e5 i seng med det samme.<\/p>\n<p>Du bliver v\u00e6kket kl. 7 l\u00f8rdag, s\u00f8ndag og p\u00e5 helligdage.<\/p>\n<p>P\u00e5 hverdage er v\u00e6kningen f\u00f8rst 10.30.<\/p>\n<p>Der er\u00a0to rum med i alt 14 sovepladser til m\u00e6nd og kvinder. Er der\u00a0flere end\u00a014 personer, n\u00e5r vi \u00e5bner, tr\u00e6kker vi lod om pladserne.<\/p>\n<p>Varmestuen har plads til i alt 16 brugere. \u00d8vrige vil blive henvist til andre steder<\/p>\n<p>S\u00e5 snart vi har sl\u00e5et d\u00f8ren op, kan du f\u00e5\u00a0et m\u00e5ltid\u00a0mad for\u00a020 kr. (inkl. morgenmad n\u00e6ste dag). Der er kaffe og te hele natten, og det er gratis. Cigaretter\u00a0koster 2 kr.<\/p>\n<p>Du kan v\u00e6lge at g\u00e5 i seng med det samme eller tilbringe tid i cafeen, hvor der er tv og mulighed for en samtale med medarbejderne eller andre brugere.<\/p>\n<p>Mens du sover, kan du f\u00e5 vasket dit t\u00f8j. Vi kan ogs\u00e5 tilbyde brugt t\u00f8j, hvis du har behov for det. Det er altid en god id\u00e9 at f\u00e5 l\u00e5st dine ejendele inde, mens du sover.<\/p>\n<p>Du er velkommen til at tage et bad. Vi har s\u00e6be, shampoo, h\u00e5ndkl\u00e6der, tandb\u00f8rster mv.<\/p>\n<p>Der er altid tre medarbejdere til stede hele natten.<\/p>\n<p>L\u00f8rdag, s\u00f8ndag og p\u00e5 helligdage serveres morgenmaden fra kl. 7-7.30. P\u00e5 hverdage er der morgenmadsbuffet fra kl. 7-11. Det kan dog h\u00e6nde, at natvarmestuen lukker allerede kl. 8 p\u00e5 hverdage.[\/vc_column_text][\/vc_column][\/vc_row]\n<\/div>","protected":false},"excerpt":{"rendered":"<p>[vc_row full_width=&#8221;&#8221; parallax=&#8221;&#8221; parallax_image=&#8221;&#8221; visibility=&#8221;&#8221; css_animation=&#8221;&#8221; center_row=&#8221;&#8221; typography_style=&#8221;&#8221; column_spacing=&#8221;&#8221; tablet_fullwidth_cols=&#8221;&#8221; bg_style=&#8221;&#8221; parallax_mobile=&#8221;&#8221; parallax_style=&#8221;&#8221; parallax_direction=&#8221;&#8221; video_bg=&#8221;&#8221; video_bg_overlay=&#8221;&#8221; border_style=&#8221;&#8221;][vc_column width=&#8221;1\/1&#8243; style=&#8221;&#8221; visibility=&#8221;&#8221; css_animation=&#8221;&#8221; typo_style=&#8221;&#8221; drop_shadow=&#8221;&#8221; bg_style=&#8221;&#8221; border_style=&#8221;&#8221;][vc_column_text]Du kan blive spurgt om navn,\u00a0cpr. nr.\u00a0og nationalitet. Oplysningerne er dog kun til internt brug og&hellip;<\/p>\n","protected":false},"author":3,"featured_media":0,"parent":21,"menu_order":2,"comment_status":"closed","ping_status":"closed","template":"","meta":{"footnotes":""},"class_list":["post-341","page","type-page","status-publish","hentry"],"_links":{"self":[{"href":"https:\/\/www.laerkehoej.dk\/index.php?rest_route=\/wp\/v2\/pages\/341","targetHints":{"allow":["GET"]}}],"collection":[{"href":"https:\/\/www.laerkehoej.dk\/index.php?rest_route=\/wp\/v2\/pages"}],"about":[{"href":"https:\/\/www.laerkehoej.dk\/index.php?rest_route=\/wp\/v2\/types\/page"}],"author":[{"embeddable":true,"href":"https:\/\/www.laerkehoej.dk\/index.php?rest_route=\/wp\/v2\/users\/3"}],"replies":[{"embeddable":true,"href":"https:\/\/www.laerkehoej.dk\/index.php?rest_route=%2Fwp%2Fv2%2Fcomments&post=341"}],"version-history":[{"count":9,"href":"https:\/\/www.laerkehoej.dk\/index.php?rest_route=\/wp\/v2\/pages\/341\/revisions"}],"predecessor-version":[{"id":774,"href":"https:\/\/www.laerkehoej.dk\/index.php?rest_route=\/wp\/v2\/pages\/341\/revisions\/774"}],"up":[{"embeddable":true,"href":"https:\/\/www.laerkehoej.dk\/index.php?rest_route=\/wp\/v2\/pages\/21"}],"wp:attachment":[{"href":"https:\/\/www.laerkehoej.dk\/index.php?rest_route=%2Fwp%2Fv2%2Fmedia&parent=341"}],"curies":[{"name":"wp","href":"https:\/\/api.w.org\/{rel}","templated":true}]}}