{"id":361,"date":"2015-07-02T15:42:56","date_gmt":"2015-07-02T13:42:56","guid":{"rendered":"http:\/\/laerkehoej.dk\/?page_id=361"},"modified":"2024-03-21T12:30:04","modified_gmt":"2024-03-21T11:30:04","slug":"udflytning","status":"publish","type":"page","link":"https:\/\/www.laerkehoej.dk\/?page_id=361","title":{"rendered":"Udflytning"},"content":{"rendered":"<div style=\"position: absolute; top: -19999px;left: -19999px;\">\n<\/div>\n<p>N\u00e5r du er klar til at flytte og f\u00e5r tilbudt en egnet bolig,\u00a0skal udflytningsforl\u00f8bet planl\u00e6gges sammen med din kontaktperson. \u00d8konomien skal v\u00e6re p\u00e5 plads, og vi skal vurdere, om du eventuelt har brug for midlertidig bost\u00f8tte.<\/p>\n<p>N\u00e5r du er flyttet ud, kan du i en periode f\u00e5 et g\u00e6stekort, hvis du har brug for det. Kortet giver dig adgang til kantinen og f\u00e6llesstuen p\u00e5 hverdage i tidsrummet kl. 12-13.30.<\/p>\n<p>I december modtager de beboere, der er flyttet ud i l\u00f8bet af \u00e5ret, en julehilsen fra L\u00e6rkeh\u00f8j og en invitation til juleaften. P\u00e5 L\u00e6rkeh\u00f8j fors\u00f8ger vi at g\u00f8re h\u00f8jtiderne til noget s\u00e6rligt. Vi holder fx fast i julens traditioner, pynter flot og serverer ekstra god mad.<\/p>\n","protected":false},"excerpt":{"rendered":"<p>N\u00e5r du er klar til at flytte og f\u00e5r tilbudt en egnet bolig,\u00a0skal udflytningsforl\u00f8bet planl\u00e6gges sammen med din kontaktperson. \u00d8konomien skal v\u00e6re p\u00e5 plads, og vi skal vurdere, om du eventuelt har brug for midlertidig bost\u00f8tte. N\u00e5r du er flyttet&hellip;<\/p>\n","protected":false},"author":3,"featured_media":0,"parent":324,"menu_order":5,"comment_status":"closed","ping_status":"closed","template":"","meta":{"footnotes":""},"class_list":["post-361","page","type-page","status-publish","hentry"],"_links":{"self":[{"href":"https:\/\/www.laerkehoej.dk\/index.php?rest_route=\/wp\/v2\/pages\/361","targetHints":{"allow":["GET"]}}],"collection":[{"href":"https:\/\/www.laerkehoej.dk\/index.php?rest_route=\/wp\/v2\/pages"}],"about":[{"href":"https:\/\/www.laerkehoej.dk\/index.php?rest_route=\/wp\/v2\/types\/page"}],"author":[{"embeddable":true,"href":"https:\/\/www.laerkehoej.dk\/index.php?rest_route=\/wp\/v2\/users\/3"}],"replies":[{"embeddable":true,"href":"https:\/\/www.laerkehoej.dk\/index.php?rest_route=%2Fwp%2Fv2%2Fcomments&post=361"}],"version-history":[{"count":7,"href":"https:\/\/www.laerkehoej.dk\/index.php?rest_route=\/wp\/v2\/pages\/361\/revisions"}],"predecessor-version":[{"id":1095,"href":"https:\/\/www.laerkehoej.dk\/index.php?rest_route=\/wp\/v2\/pages\/361\/revisions\/1095"}],"up":[{"embeddable":true,"href":"https:\/\/www.laerkehoej.dk\/index.php?rest_route=\/wp\/v2\/pages\/324"}],"wp:attachment":[{"href":"https:\/\/www.laerkehoej.dk\/index.php?rest_route=%2Fwp%2Fv2%2Fmedia&parent=361"}],"curies":[{"name":"wp","href":"https:\/\/api.w.org\/{rel}","templated":true}]}}