{"id":42,"date":"2015-07-11T11:33:32","date_gmt":"2015-07-11T09:33:32","guid":{"rendered":"http:\/\/laerkehoej.dk\/?page_id=42"},"modified":"2024-03-21T12:44:07","modified_gmt":"2024-03-21T11:44:07","slug":"historie","status":"publish","type":"page","link":"https:\/\/www.laerkehoej.dk\/?page_id=42","title":{"rendered":"Historie"},"content":{"rendered":"<p>L\u00e6rkeh\u00f8j er stadigv\u00e6k et ungt hus; det\u00a0stod\u00a0f\u00e6rdigbygget\u00a0den 1. august 2002.<\/p>\n<p>KFUKs Sociale Arbejde havde \u00e5ret inden besluttet at bygge L\u00e6rkeh\u00f8j p\u00e5 samme grund som Lindevangen, og byggeriet begyndte i efter\u00e5ret 2001. L\u00e6rkeh\u00f8j lukkede d\u00f8rene op for de f\u00f8rste beboere den 2. september 2002. Den 20. september 2002 blev L\u00e6rkeh\u00f8j officielt \u00e5bnet med deltagelse af socialminister Henriette Kj\u00e6r og Frederiksberg Kommunes dav\u00e6rende borgmester Mads Lebech.<\/p>\n<p>Natvarmestuen \u00e5bnede en m\u00e5ned senere. De f\u00f8rste par m\u00e5neder var der kun f\u00e5 overnattende, men da kendskabet til varmestuen havde spredt sig, steg bes\u00f8gstallet hurtigt. Natvarmestuen har i mange \u00e5r haft t\u00e6t p\u00e5 fuld bel\u00e6gning hver nat.<\/p>\n<p>L\u00e6rkeh\u00f8js drift\u00a0blev de f\u00f8rste tre \u00e5r delvist finansieret af en national hjeml\u00f8sepulje, men i 2005\u00a0overtog\u00a0Frederiksberg Kommune hele finansieringen.<\/p>\n<p>I 2009 blev Frederiksberg en af de otte udvalgte kommuner, som kom med i den nationale hjeml\u00f8sestrategi. Kommunen udarbejdede en Hjeml\u00f8seplan, hvor herbergerne Lindevangen og L\u00e6rkeh\u00f8j fik centrale roller.<\/p>\n<p>I august 2013 udl\u00f8b den nationale hjeml\u00f8sestrategi. I Frederiksberg Kommune blev Akutboligerne og Carpe Diem gjort permanente, og de er i dag en fast del af tilbuddene p\u00e5 L\u00e6rkeh\u00f8j.<\/p>\n","protected":false},"excerpt":{"rendered":"<p>L\u00e6rkeh\u00f8j er stadigv\u00e6k et ungt hus; det\u00a0stod\u00a0f\u00e6rdigbygget\u00a0den 1. august 2002. KFUKs Sociale Arbejde havde \u00e5ret inden besluttet at bygge L\u00e6rkeh\u00f8j p\u00e5 samme grund som Lindevangen, og byggeriet begyndte i efter\u00e5ret 2001. L\u00e6rkeh\u00f8j lukkede d\u00f8rene op for de f\u00f8rste beboere den&hellip;<\/p>\n","protected":false},"author":12,"featured_media":0,"parent":8,"menu_order":4,"comment_status":"closed","ping_status":"closed","template":"","meta":{"footnotes":""},"class_list":["post-42","page","type-page","status-publish","hentry"],"_links":{"self":[{"href":"https:\/\/www.laerkehoej.dk\/index.php?rest_route=\/wp\/v2\/pages\/42","targetHints":{"allow":["GET"]}}],"collection":[{"href":"https:\/\/www.laerkehoej.dk\/index.php?rest_route=\/wp\/v2\/pages"}],"about":[{"href":"https:\/\/www.laerkehoej.dk\/index.php?rest_route=\/wp\/v2\/types\/page"}],"author":[{"embeddable":true,"href":"https:\/\/www.laerkehoej.dk\/index.php?rest_route=\/wp\/v2\/users\/12"}],"replies":[{"embeddable":true,"href":"https:\/\/www.laerkehoej.dk\/index.php?rest_route=%2Fwp%2Fv2%2Fcomments&post=42"}],"version-history":[{"count":14,"href":"https:\/\/www.laerkehoej.dk\/index.php?rest_route=\/wp\/v2\/pages\/42\/revisions"}],"predecessor-version":[{"id":740,"href":"https:\/\/www.laerkehoej.dk\/index.php?rest_route=\/wp\/v2\/pages\/42\/revisions\/740"}],"up":[{"embeddable":true,"href":"https:\/\/www.laerkehoej.dk\/index.php?rest_route=\/wp\/v2\/pages\/8"}],"wp:attachment":[{"href":"https:\/\/www.laerkehoej.dk\/index.php?rest_route=%2Fwp%2Fv2%2Fmedia&parent=42"}],"curies":[{"name":"wp","href":"https:\/\/api.w.org\/{rel}","templated":true}]}}