{"id":6,"date":"2015-04-30T11:52:17","date_gmt":"2015-04-30T09:52:17","guid":{"rendered":"http:\/\/laerkehoej.dk\/?page_id=6"},"modified":"2024-03-21T12:24:46","modified_gmt":"2024-03-21T11:24:46","slug":"forsiden","status":"publish","type":"page","link":"https:\/\/www.laerkehoej.dk\/","title":{"rendered":""},"content":{"rendered":"<div class=\"wpb-content-wrapper\"><div style=\"position: absolute; top: -19999px; left: -19999px;\"><\/div>\n[vc_row 0=&#8221;&#8221;][vc_column 0=&#8221;&#8221;][vc_column_text 0=&#8221;&#8221;]\n<p><a href=\"https:\/\/www.laerkehoej.dk\/wp-content\/uploads\/2021\/11\/20150108TB_Herberger07.jpg\"><img loading=\"lazy\" decoding=\"async\" class=\"alignnone wp-image-987 size-full\" src=\"https:\/\/www.laerkehoej.dk\/wp-content\/uploads\/2021\/11\/20150108TB_Herberger07.jpg\" alt=\"\" width=\"1200\" height=\"500\" srcset=\"https:\/\/www.laerkehoej.dk\/wp-content\/uploads\/2021\/11\/20150108TB_Herberger07.jpg 1200w, https:\/\/www.laerkehoej.dk\/wp-content\/uploads\/2021\/11\/20150108TB_Herberger07-300x125.jpg 300w, https:\/\/www.laerkehoej.dk\/wp-content\/uploads\/2021\/11\/20150108TB_Herberger07-1024x427.jpg 1024w, https:\/\/www.laerkehoej.dk\/wp-content\/uploads\/2021\/11\/20150108TB_Herberger07-768x320.jpg 768w\" sizes=\"auto, (max-width: 1200px) 100vw, 1200px\" \/><\/a><\/p>\n[\/vc_column_text][\/vc_column][\/vc_row][vc_row 0=&#8221;&#8221;][vc_column width=&#8221;1\/3&#8243; margin_top=&#8221;0&#8243; margin_bottom=&#8221;0&#8243; padding_left=&#8221;0&#8243; padding_right=&#8221;0&#8243; padding_top=&#8221;0&#8243; padding_bottom=&#8221;0&#8243;][vc_column_text]<strong>Herberget L\u00e6rkeh\u00f8j<\/strong><br \/>\nVi er midlertidigt botilbud for hjeml\u00f8se med sv\u00e6re personlige og sociale problemer herunder misbrug og psykiske problemer.<\/p>\n<p>Vi har i alt 32 pladser fordelt med 26 v\u00e6relser p\u00e5 <a href=\"https:\/\/www.laerkehoej.dk\/?page_id=324\">herberget<\/a> og seks etv\u00e6relses lejligheder (<a href=\"https:\/\/www.laerkehoej.dk\/?page_id=346\">Akutboliger<\/a>)\u00a0i almennyttigt boligbyggeri.<\/p>\n<p>L\u00e6rkeh\u00f8j driver ogs\u00e5 en <a href=\"https:\/\/www.laerkehoej.dk\/?page_id=21\">gratis natvarmestue<\/a> for hjeml\u00f8se. Natvarmestuen har 14 senge og er \u00e5ben hver eneste nat fra kl. 22.15.<\/p>\n<p>Herberget L\u00e6rkeh\u00f8j er en del af <a href=\"http:\/\/herfred.dk\/\" target=\"_blank\" rel=\"noopener noreferrer\">Herbergerne p\u00e5 Frederiksberg<\/a>.[\/vc_column_text][\/vc_column][vc_column width=&#8221;1\/3&#8243;][vc_column_text 0=&#8221;&#8221;]\n<p><strong>Andre tilbud til hjeml\u00f8se<\/strong><\/p>\n<p><a href=\"http:\/\/herfred.dk\/?page_id=174\" target=\"_blank\" rel=\"noopener noreferrer\">Herberger i K\u00f8benhavnsomr\u00e5det<\/a><br \/>\n<a href=\"http:\/\/herfred.dk\/?page_id=177\" target=\"_blank\" rel=\"noopener noreferrer\">Natvarmestuer<\/a><br \/>\n<a href=\"http:\/\/herfred.dk\/?page_id=180\" target=\"_blank\" rel=\"noopener noreferrer\">V\u00e6resteder<\/a><br \/>\n<a href=\"http:\/\/herfred.dk\/?page_id=183\" target=\"_blank\" rel=\"noopener noreferrer\">Gratis eller billig mad<\/a><br \/>\n<a href=\"http:\/\/herfred.dk\/?page_id=186\" target=\"_blank\" rel=\"noopener noreferrer\">Hus Forbi<\/a><br \/>\n<a href=\"http:\/\/herfred.dk\/?page_id=189\" target=\"_blank\" rel=\"noopener noreferrer\">Forening for hjeml\u00f8se<\/a>[\/vc_column_text][\/vc_column][vc_column width=&#8221;1\/3&#8243; typo_style=&#8221;light&#8221; bg_color=&#8221;#2c6a4e&#8221; margin_top=&#8221;5&#8243; margin_bottom=&#8221;50&#8243; padding_top=&#8221;20&#8243; padding_bottom=&#8221;57&#8243; padding_left=&#8221;25&#8243; padding_right=&#8221;20&#8243;][vc_column_text 0=&#8221;&#8221;]<strong>F\u00e5 hj\u00e6lp p\u00e5 L\u00e6rkeh\u00f8j<\/strong><\/p>\n<p>Man kan ans\u00f8ge om en plads p\u00e5 et af L\u00e6rkeh\u00f8js tilbud ved at henvende sig personligt og f\u00e5 en visitationssamtale. I natvarmestuen kan man ikke bestille plads, men skal blot m\u00f8de op p\u00e5 herberget.<\/p>\n<p>Du kan f\u00e5 hj\u00e6lp og vejledning af personalet \u2013 s\u00e5 vidt muligt d\u00f8gnet rundt.\u00a0Der er ogs\u00e5 adgang til sygepleje og socialr\u00e5dgivning i dagtimerne p\u00e5 hverdage.[\/vc_column_text][\/vc_column][\/vc_row][vc_row 0=&#8221;&#8221;][vc_column 0=&#8221;&#8221;][\/vc_column][\/vc_row]\n<\/div>","protected":false},"excerpt":{"rendered":"<p>[vc_row 0=&#8221;&#8221;][vc_column 0=&#8221;&#8221;][vc_column_text 0=&#8221;&#8221;] [\/vc_column_text][\/vc_column][\/vc_row][vc_row 0=&#8221;&#8221;][vc_column width=&#8221;1\/3&#8243; margin_top=&#8221;0&#8243; margin_bottom=&#8221;0&#8243; padding_left=&#8221;0&#8243; padding_right=&#8221;0&#8243; padding_top=&#8221;0&#8243; padding_bottom=&#8221;0&#8243;][vc_column_text]Herberget L\u00e6rkeh\u00f8j Vi er midlertidigt botilbud for hjeml\u00f8se med sv\u00e6re personlige og sociale problemer herunder misbrug og psykiske problemer. Vi har i alt 32 pladser fordelt med 26&hellip;<\/p>\n","protected":false},"author":12,"featured_media":0,"parent":0,"menu_order":0,"comment_status":"open","ping_status":"open","template":"","meta":{"footnotes":""},"class_list":["post-6","page","type-page","status-publish","hentry"],"_links":{"self":[{"href":"https:\/\/www.laerkehoej.dk\/index.php?rest_route=\/wp\/v2\/pages\/6","targetHints":{"allow":["GET"]}}],"collection":[{"href":"https:\/\/www.laerkehoej.dk\/index.php?rest_route=\/wp\/v2\/pages"}],"about":[{"href":"https:\/\/www.laerkehoej.dk\/index.php?rest_route=\/wp\/v2\/types\/page"}],"author":[{"embeddable":true,"href":"https:\/\/www.laerkehoej.dk\/index.php?rest_route=\/wp\/v2\/users\/12"}],"replies":[{"embeddable":true,"href":"https:\/\/www.laerkehoej.dk\/index.php?rest_route=%2Fwp%2Fv2%2Fcomments&post=6"}],"version-history":[{"count":94,"href":"https:\/\/www.laerkehoej.dk\/index.php?rest_route=\/wp\/v2\/pages\/6\/revisions"}],"predecessor-version":[{"id":1091,"href":"https:\/\/www.laerkehoej.dk\/index.php?rest_route=\/wp\/v2\/pages\/6\/revisions\/1091"}],"wp:attachment":[{"href":"https:\/\/www.laerkehoej.dk\/index.php?rest_route=%2Fwp%2Fv2%2Fmedia&parent=6"}],"curies":[{"name":"wp","href":"https:\/\/api.w.org\/{rel}","templated":true}]}}